{"id":216,"date":"2019-06-21T22:19:50","date_gmt":"2019-06-21T20:19:50","guid":{"rendered":"https:\/\/isf.edu.ar\/colegio2020\/?page_id=216"},"modified":"2026-03-24T12:42:04","modified_gmt":"2026-03-24T15:42:04","slug":"nivel-secundario","status":"publish","type":"page","link":"https:\/\/isf.edu.ar\/colegio2020\/nivel-secundario\/","title":{"rendered":"Nivel Secundario"},"content":{"rendered":"\n<h2 class=\"wp-block-heading has-text-align-center\">INFORMACI\u00d3N DEL NIVEL <\/h2>\n\n\n\n<section id=\"section-g-d9iywxe\" class=\"wp-block-gutentor-icon-box gutentor-section gutentor-icon-wrapper icon-template2\"><div class=\"grid-container\"><div class=\"gutentor-block-header\"><div class=\"gutentor-section-title enable-title-design seperator-bottom text-center\"><h2 class=\"gutentor-title\">NIVEL SECUNDARIO<\/h2><\/div><\/div><div class=\"grid-row gutentor-grid-item-wrap\"><div class=\"gutentor-grid-column grid-lg-4 grid-md-4 grid-12\"><div class=\"gutentor-single-item gutentor-icon gutentor-single-item-0\"><div class=\"gutentor-single-item-wrap\"><div class=\"gutentor-single-item-icon-box\"><i class=\"fas fa-hand-holding-heart\"><\/i><\/div><div class=\"gutentor-single-item-content\"><h3 class=\"gutentor-single-item-title\">PRESENTACI\u00d3N<\/h3><p class=\"gutentor-single-item-desc\">Descripci\u00f3n corta<\/p><\/div><\/div><\/div><\/div><div class=\"gutentor-grid-column grid-lg-4 grid-md-4 grid-12\"><div class=\"gutentor-single-item gutentor-icon gutentor-single-item-1\"><div class=\"gutentor-single-item-wrap\"><div class=\"gutentor-single-item-icon-box\"><i class=\"fas fa-graduation-cap\"><\/i><\/div><div class=\"gutentor-single-item-content\"><h3 class=\"gutentor-single-item-title\">PROPUESTA EDUCATIVA<\/h3><p class=\"gutentor-single-item-desc\">Descripci\u00f3n corta<\/p><\/div><\/div><\/div><\/div><div class=\"gutentor-grid-column grid-lg-4 grid-md-4 grid-12\"><div class=\"gutentor-single-item gutentor-icon gutentor-single-item-2\"><div class=\"gutentor-single-item-wrap\"><div class=\"gutentor-single-item-icon-box\"><i class=\"fas fa-address-card\"><\/i><\/div><div class=\"gutentor-single-item-content\"><h3 class=\"gutentor-single-item-title\">EQUIPO DOCENTE<\/h3><p class=\"gutentor-single-item-desc\">Directora: Mar\u00eda Ver\u00f3nica Derosa<br>Vicedirectora: Victoria Ayala<br>Leer m\u00e1s<\/p><\/div><\/div><\/div><\/div><div class=\"gutentor-grid-column grid-lg-4 grid-md-4 grid-12\"><div class=\"gutentor-single-item gutentor-icon gutentor-single-item-3\"><div class=\"gutentor-single-item-wrap\"><div class=\"gutentor-single-item-icon-box\"><i class=\"fas fa-handshake\"><\/i><\/div><div class=\"gutentor-single-item-content\"><h3 class=\"gutentor-single-item-title\">ACUERDOS DE CONVIVENCIA (AEC)<\/h3><p class=\"gutentor-single-item-desc\"><a href=\"https:\/\/isf.edu.ar\/colegio2020\/wp-content\/uploads\/2026\/03\/AEC.pdf\" data-type=\"link\" data-id=\"https:\/\/isf.edu.ar\/colegio2020\/wp-content\/uploads\/2026\/03\/AEC.pdf\" target=\"_blank\" rel=\"noreferrer noopener\">Descargar<\/a> <\/p><\/div><\/div><\/div><\/div><div class=\"gutentor-grid-column grid-lg-4 grid-md-4 grid-12\"><div class=\"gutentor-single-item gutentor-icon gutentor-single-item-4\"><div class=\"gutentor-single-item-wrap\"><div class=\"gutentor-single-item-icon-box\"><i class=\"fas fa-people-carry\"><\/i><\/div><div class=\"gutentor-single-item-content\"><h3 class=\"gutentor-single-item-title\">PROYECTOS Y ACTIVIDADES<\/h3><p class=\"gutentor-single-item-desc\"><\/p><\/div><\/div><\/div><\/div><div class=\"gutentor-grid-column grid-lg-4 grid-md-4 grid-12\"><div class=\"gutentor-single-item gutentor-icon gutentor-single-item-5\"><div class=\"gutentor-single-item-wrap\"><div class=\"gutentor-single-item-icon-box\"><i class=\"fas fa-bullhorn\"><\/i><\/div><div class=\"gutentor-single-item-content\"><h3 class=\"gutentor-single-item-title\">INFORMACI\u00d3N PARA LAS FAMILIAS<\/h3><p class=\"gutentor-single-item-desc\">Descripci\u00f3n corta<\/p><\/div><\/div><\/div><\/div><div class=\"gutentor-grid-column grid-lg-4 grid-md-4 grid-12\"><div class=\"gutentor-single-item gutentor-icon gutentor-single-item-6\"><div class=\"gutentor-single-item-wrap\"><div class=\"gutentor-single-item-icon-box\"><i class=\"fas fa-home\"><\/i><\/div><div class=\"gutentor-single-item-content\"><h3 class=\"gutentor-single-item-title\">CONTACTO<\/h3><p class=\"gutentor-single-item-desc\">Correo electr\u00f3nico:<br><a href=\"https:\/\/isf.edu.ar\/colegio2020\/info@isf.edu.ar\" class=\"tac-player-processed\">cosquinsec<\/a><a href=\"https:\/\/isf.edu.ar\/colegio2020\/info@isf.edu.ar\">@gmail.com<\/a><br><br>Tel: +54 (03541) 451532 \/ 450838<br><br>Horarios de atenci\u00f3n:<br>Lunes a Viernes de 7:30 a 13:30 h.<br><br>Direcci\u00f3n:\u00a0<a href=\"https:\/\/goo.gl\/maps\/EvnuatwsYrC7apmPA\" class=\"tac-player-processed\">Palem\u00f3n Carranza 549, Cosqu\u00edn, C\u00f3rdoba<\/a><\/p><\/div><\/div><\/div><\/div><div class=\"gutentor-grid-column grid-lg-4 grid-md-4 grid-12\"><div class=\"gutentor-single-item gutentor-icon gutentor-single-item-7\"><div class=\"gutentor-single-item-wrap\"><div class=\"gutentor-single-item-icon-box\"><i class=\"fas fa-tasks\"><\/i><\/div><div class=\"gutentor-single-item-content\"><h3 class=\"gutentor-single-item-title\">PLAN DE ESTUDIO<\/h3><p class=\"gutentor-single-item-desc\">ENSE\u00d1ANZA SECUNDARIA OBLIGATORIA (6 A\u00d1OS)<br>Res. Min. N\u00ba 344\/11 y 668\/11<br>Ciclo b\u00e1sico<br>Ciclo orientado<br>Bachiller en Ciencias Sociales y Humanidades <br>Bachiller en Ciencias Naturales<br><a href=\"https:\/\/isf.edu.ar\/colegio2020\/2018\/03\/08\/plan-de-estudios-ciclo-basico-y-orientado\/\" data-type=\"post\" data-id=\"31\" target=\"_blank\" rel=\"noreferrer noopener\">Leer m\u00e1s<\/a><\/p><\/div><\/div><\/div><\/div><div class=\"gutentor-grid-column grid-lg-4 grid-md-4 grid-12\"><div class=\"gutentor-single-item gutentor-icon gutentor-single-item-8\"><div class=\"gutentor-single-item-wrap\"><div class=\"gutentor-single-item-icon-box\"><i class=\"fas fa-project-diagram\"><\/i><\/div><div class=\"gutentor-single-item-content\"><h3 class=\"gutentor-single-item-title\">REDES SOCIALES<\/h3><p class=\"gutentor-single-item-desc\"><a href=\"https:\/\/www.facebook.com\/comunicados.sagradafamiliacosquin\" target=\"_blank\" rel=\"noreferrer noopener\">Facebook<\/a><br><a href=\"https:\/\/www.instagram.com\/sfcosquin\/\" target=\"_blank\" rel=\"noreferrer noopener\">Instagram<\/a><br><\/p><\/div><\/div><\/div><\/div><\/div><\/div><\/section>\n\n\n\n<iframe loading=\"lazy\" src=\"https:\/\/www.facebook.com\/plugins\/page.php?href=https%3A%2F%2Fwww.facebook.com%2Fcomunicados.sagradafamiliacosquin&amp;tabs=timeline&amp;width=328&amp;height=500&amp;small_header=true&amp;adapt_container_width=true&amp;hide_cover=true&amp;show_facepile=false&amp;appId\" width=\"340\" height=\"500\" style=\"border:none;overflow:hidden\" scrolling=\"no\" frameborder=\"0\" allowtransparency=\"true\" allow=\"encrypted-media\"><\/iframe>\n","protected":false},"excerpt":{"rendered":"<p>INFORMACI\u00d3N DEL NIVEL<\/p>\n","protected":false},"author":1,"featured_media":2529,"parent":0,"menu_order":0,"comment_status":"closed","ping_status":"closed","template":"","meta":{"cybocfi_hide_featured_image":"yes","footnotes":""},"class_list":["post-216","page","type-page","status-publish","has-post-thumbnail","hentry"],"jetpack_sharing_enabled":true,"_links":{"self":[{"href":"https:\/\/isf.edu.ar\/colegio2020\/wp-json\/wp\/v2\/pages\/216","targetHints":{"allow":["GET"]}}],"collection":[{"href":"https:\/\/isf.edu.ar\/colegio2020\/wp-json\/wp\/v2\/pages"}],"about":[{"href":"https:\/\/isf.edu.ar\/colegio2020\/wp-json\/wp\/v2\/types\/page"}],"author":[{"embeddable":true,"href":"https:\/\/isf.edu.ar\/colegio2020\/wp-json\/wp\/v2\/users\/1"}],"replies":[{"embeddable":true,"href":"https:\/\/isf.edu.ar\/colegio2020\/wp-json\/wp\/v2\/comments?post=216"}],"version-history":[{"count":68,"href":"https:\/\/isf.edu.ar\/colegio2020\/wp-json\/wp\/v2\/pages\/216\/revisions"}],"predecessor-version":[{"id":2638,"href":"https:\/\/isf.edu.ar\/colegio2020\/wp-json\/wp\/v2\/pages\/216\/revisions\/2638"}],"wp:featuredmedia":[{"embeddable":true,"href":"https:\/\/isf.edu.ar\/colegio2020\/wp-json\/wp\/v2\/media\/2529"}],"wp:attachment":[{"href":"https:\/\/isf.edu.ar\/colegio2020\/wp-json\/wp\/v2\/media?parent=216"}],"curies":[{"name":"wp","href":"https:\/\/api.w.org\/{rel}","templated":true}]}}